{"version":"1.0","provider_name":"\u0170rubork\u00e1k","provider_url":"https:\/\/uruborkak.cafeblog.hu","author_name":"\u0170rubork\u00e1k","author_url":"https:\/\/uruborkak.cafeblog.hu\/author\/uruborkak\/","title":"Lajos megs\u00e9rt\u0151d\u00f6tt...","html":"<p>K\u00e9pzelj\u00e9tek!\u00a0<\/p>\r\n<p>Lajos megs\u00e9rt\u0151d\u00f6tt. Elfeljetettem r\u00e1rajzolni a kisvasutas t\u00f6rt\u00e9netre... mekkora mal\u0151r!!!... Nem is \u00e9rtem hogy felejthettem el! Pedig elj\u00f6tt vel\u00fcnk, \u00e9s akt\u00edvan r\u00e9szt vett az es\u0151s j\u00e1t\u00e9kban amit a Sz\u00e9chenyi hegyen l\u00e9v\u0151 j\u00e1tsz\u00f3t\u00e9ren j\u00e1tszottunk.\u00a0<\/p>\r\n<p>Rettenetesen sz\u00e9gyelltem magam...<\/p>\r\n<p>V\u00e9g\u00fcl megbesz\u00e9lt\u00fck a dolgot. \u00c9s azt hiszem kiengeszteltem. :)\u00a0<\/p>\r\n<p>Sz\u00e9p Napot Mindenkinek!<\/p>\r\n<p>m.<\/p>\r\n<p><a href=\"https:\/\/uruborkak.cafeblog.hu\/files\/2015\/05\/belyeg_lajos.jpg\"><br \/><\/a> <a href=\"https:\/\/uruborkak.cafeblog.hu\/files\/2015\/05\/lajosos.jpg\"><img class=\"aligncenter size-large wp-image-508\" src=\"https:\/\/uruborkak.cafeblog.hu\/files\/2015\/05\/lajosos-600x433.jpg\" alt=\"lajosos\" width=\"600\" height=\"433\" \/><\/a><\/p>\r\n<p><a href=\"https:\/\/uruborkak.cafeblog.hu\/files\/2015\/05\/lajosos2.jpg\"><img class=\"aligncenter size-large wp-image-509\" src=\"https:\/\/uruborkak.cafeblog.hu\/files\/2015\/05\/lajosos2-600x402.jpg\" alt=\"lajosos2\" width=\"600\" height=\"402\" \/><\/a><\/p>","type":"rich","thumbnail_url":"https:\/\/uruborkak.cafeblog.hu\/files\/2015\/05\/belyeg_lajos-150x150.jpg","thumbnail_width":150,"thumbnail_height":150}